{"id":138,"date":"2010-10-07T20:11:19","date_gmt":"2010-10-07T20:11:19","guid":{"rendered":"http:\/\/www.rabenschule.de\/?page_id=138"},"modified":"2021-12-19T15:11:30","modified_gmt":"2021-12-19T14:11:30","slug":"die-schule-stellt-sich-vor","status":"publish","type":"page","link":"https:\/\/www.rabenschule.de\/?page_id=138","title":{"rendered":"Die Schule stellt sich vor"},"content":{"rendered":"<p>[et_pb_section fb_built=&#8220;1&#8243; admin_label=&#8220;section&#8220; _builder_version=&#8220;3.22&#8243; global_colors_info=&#8220;{}&#8220;][et_pb_row column_structure=&#8220;1_2,1_2&#8243; admin_label=&#8220;row&#8220; _builder_version=&#8220;3.25&#8243; background_size=&#8220;initial&#8220; background_position=&#8220;top_left&#8220; background_repeat=&#8220;repeat&#8220; global_colors_info=&#8220;{}&#8220;][et_pb_column type=&#8220;1_2&#8243; _builder_version=&#8220;3.25&#8243; custom_padding=&#8220;|||&#8220; global_colors_info=&#8220;{}&#8220; custom_padding__hover=&#8220;|||&#8220;][et_pb_text _builder_version=&#8220;3.27.4&#8243; background_size=&#8220;initial&#8220; background_position=&#8220;top_left&#8220; background_repeat=&#8220;repeat&#8220; use_border_color=&#8220;off&#8220; global_colors_info=&#8220;{}&#8220;]&nbsp;<\/p>\n<p>Gemeinsam mit der Integrierten Gesamtschule werden drei Hallenfl\u00e4chen der Sporthalle, die Aula und das Bussystem genutzt. Hausmeister und Reinigungspersonal betreuen ebenfalls gemeinsam beide Schulen.<\/p>\n<p>Die Grundschule ist in der Regel dreiz\u00fcgig ausgelegt, Klasse 1 ist derzeit vierz\u00fcgig. Zur Zeit besuchen ca. 270 Sch\u00fcler und Sch\u00fclerinnen in 13 Klassen die Rabenschule. Dem Kollegium geh\u00f6ren neben Rektorin und Konrektorin 12 Lehrerinnen, sowie eine Pfarrerin und ein Pfarrer an.<\/p>\n<h2><strong>Zur Chronik<\/strong><\/h2>\n<p>Die jetzige Rabenschule ging aus der Grundstufe der IGS Wallrabenstein hervor. Am 29.08.79 wurden die bis dahin zusammengeh\u00f6renden Schulen getrennt und eine eigenst\u00e4ndige Grundschule entstand. Dies geschah, um eigene p\u00e4dagogische Grunds\u00e4tze umsetzen zu k\u00f6nnen.<\/p>\n<p>Der bisherige Grundstufenleiter Werner Heinze wurde Rektor dieser Grundschule. Das Kollegium bestand aus 13 Kolleginnen und 4 Kollegen. Sie betreuten 16 Klassen mit insgesamt 416 Kindern.<\/p>\n<p>Bereits ab dem 01.11.79 wurden Referendare kontinuierlich ausgebildet.<\/p>\n<p>Ihren ersten Namen erhielt die Schule am 18.04.80: <em>Grundschule Wallrabenstein.<\/em><\/p>\n<p>Volker Otto wurde am 20.02.81 zum Konrektor ernannt.<\/p>\n<p>Eines der ersten wichtigen Themen war schon damals die Schulhofsanierung. Diese fand in Eigenhilfe durch die Eltern und das Kollegium im Juni 1983 statt.<\/p>\n<p>In den folgenden Jahren wurden wichtige p\u00e4dagogische Entscheidungen getroffen:<\/p>\n<ul>\n<li>Koordination und Kooperation zwischen Grundschulen und Sonderschulen im Zusammenhang der F\u00f6rderung von Kindern mit Schulschwierigkeiten,<\/li>\n<li>Schnupperunterricht f\u00fcr die k\u00fcnftigen Erstkl\u00e4ssler<\/li>\n<li>Zusammenarbeit mit den Kinderg\u00e4rten, um den \u00dcbergang zu verbessern indem die Kindergartenarbeit mit dem Anfangsunterricht abgestimmt wird.<\/li>\n<li>Im Schuljahr 84\/85 wurde die Vorklasse gemeinsam mit der Franz-Kade-Schule W\u00f6rsdorf eingerichtet. Vorklassenleiterin wurde Frau Bullmann.<\/li>\n<li>Mit Beginn des Schuljahres 85\/86 wurde die Kleinklasse zun\u00e4chst von 2 sp\u00e4ter von 3 Kolleginnen der Erich-K\u00e4stner-Schule mit je 4 Stunden in Abordnung \u00fcbernommen. Ab dem Schuljahr 86\/87 \u00fcbernahm Frau Friesenhahn die Kleinklasse, im Jahr 88\/89 Frau Sieb.<\/li>\n<li>Seit 1985 wird regelm\u00e4\u00dfig mit den Kollegen der F\u00f6rderstufe der IGS Wallrabenstein der \u00dcbergang besprochen und vorbereitet.<\/li>\n<li>Seit 1987 finden regelm\u00e4\u00dfig Schulgottesdienste in der evangelischen Kirche in Wallrabenstein statt.<\/li>\n<li>Ab dem Schuljahr 87\/88 wurde die, zuvor ambulant betreute, Sprachheilklasse fest eingerichtet und von Frau Kaiser, der Sprachheillehrerin \u00fcbernommen. Seit 93\/94 wird sie von Frau Morseck-Lepp geleitet.<\/li>\n<\/ul>\n<p>Im Jahr 1989 wurde wegen r\u00e4umlicher Engp\u00e4sse ein Pavillon aufgestellt, in dem noch immer Unterricht stattfindet.<\/p>\n<p>Im gleichen Jahr fand die erste gro\u00dfe Projektwoche mit jahrgangs\u00fcbergreifenden Angeboten und anschlie\u00dfendem Dokumentationstag statt. Eine weitere Neuerung fand ebenfalls Einzug in das Schulleben: Seitdem wird in vielen Klassen mit Computern gearbeitet.<\/p>\n<p>Am 3.10.90 wurde Frau Emrath als Konrektorin der Schule ernannt.<\/p>\n<p>Seit dem Jahr 91\/92 wurde ein weiterer p\u00e4dagogischer Grundsatz verwirklicht: Es besuchte erstmals ein k\u00f6rperbehindertes Kind die Schule im Rahmen einer Integrationsma\u00dfnahme. Der gemeinsame Unterricht setzte sich in den folgenden Jahren fort.<\/p>\n<p>Am 08.12.93 fand die konstituierende Sitzung der ersten Schulkonferenz statt.<\/p>\n<p>Die Schule wurde ab dem Schuljahr 94\/95 teilweise 6-z\u00fcgig gef\u00fchrt. Ein zweiter Pavillon wurde aufgestellt. Erste Planungen f\u00fcr eine zweite Grundschule fanden statt. Am 25.09.95 wurde die Grundschule in G\u00f6rsroth eingeweiht und Herr Heinze mit der vor\u00fcbergehenden Leitung dieser Schule beauftragt.<\/p>\n<p>Zum Schuljahr 1996\/1997 legte die Konrektorin Frau Emrath ihr Amt nieder. Frau Sedlik \u00fcbernahm zu Beginn des Schuljahres 97\/ 98 das Amt der Konrektorin.<\/p>\n<p>Der langj\u00e4hrige Schulleiter Werner Heinze starb am 01.11.97.<\/p>\n<p>Frau Sedlik wurde mit Beginn des Schuljahres 98\/99 zur Schulleiterin ernannt.<\/p>\n<p>Im Schuljahr 1998\/99 erhielt die Schule den Namen Rabenschule.<\/p>\n<p>Schon seit dem Jahr 1996 war die Problematik der Belastung des Schulgeb\u00e4udes durch PCB bekannt. Engagierte Eltern k\u00e4mpften mit demokratischen Mitteln f\u00fcr eine schnelle Sanierung, um die Gesundheit ihrer Kinder zu erhalten.<\/p>\n<p>Im Jahr 1999 wurden die Klassen und die Verwaltung komplett ausgelagert und das Schulgeb\u00e4ude umfassend saniert. Mit Beginn des Schuljahres 2000\/2001 konnten die Kinder, das Kollegium und die Verwaltung ihre \u201eneue\u201c Schule wieder mit Leben f\u00fcllen.<\/p>\n<p>Im Februar 2000 kam Herr Kr\u00fcger als Konrektor an die Rabenschule. Dieser verlie\u00df die Rabenschule 2004.<\/p>\n<p>Im September 2004 kam Fr. R\u00f6del als neue Schulleiterin an die Rabenschule.<\/p>\n<p>Im September 2005 kam Fr. Sch\u00e4fer als neue Konrektorin an die Rabenschule.<\/p>\n<p>Seit dem Schuljahr 2006\/07 kann ein betreutes Nachmittagsangebot gebucht werden. Mit dem Bau des Neuen Kindergartens wurde eine Mensa fertig gestellt und seit September 2006 in Betrieb genommen.<\/p>\n<p>2009\/2010 wurde die Rabenschule kommplett saniert und mit neuster Sicherheitstechnik versehen. Die Betreuung, unspr\u00fcnglich in Containern untergebracht, wurde 2009\/2010 neu gebaut.<\/p>\n<p>Seit dem Schuljahr 2009\/2010 darf die Rabenschule keine Vorklasse mehr f\u00fchren. Die Sch\u00fclerzahlen (10 Kinder), die einen Erhalt der Vorklasse sichern sollen, wurden nicht mehr erreicht.<\/p>\n<p>Die Kleinklasse f\u00fcr Erziehungshilfe ist nicht mehr einzelnen Grundschulen angeschlossen wie bisher, sondern diese daf\u00fcr zur Verf\u00fcgung stehenden Stunden werden bei Bedarf \u00fcber das Beratungs- und F\u00f6rderzentrum in Idstein zugeteilt.<\/p>\n<p>Ebenso die Sprachheilklasse existiert in der alten Form nicht mehr.<\/p>\n<p>Das Betreuungsgeb\u00e4ude ist nun seit Mai 2011 fertiggestellt und geh\u00f6rt nicht nur \u00a0in baulicher Hinsicht sondern auch durch die fachkundige\u00a0 Betreuung durch p\u00e4dagogisches Personal zu den Highlights der hessischen Schullandschaft.<\/p>\n<p>Der Schulhof ist mit seinen neuen, modernsten und au\u00dfergew\u00f6hnlichen Spielger\u00e4ten f\u00fcr die Kinder in jeder Pause und in der Betreuungszeit ein gro\u00dfer Anziehungspunkt.<\/p>\n<p>Seit dem Jahr 2007\/2008 nennt sich die Rabenschule \u201eUmweltschule\u201c und ist nun im vierten Jahr in Folge mit dem Umweltpreis ausgezeichnet worden. Sie z\u00e4hlt in dieser Hinsicht\u00a0 zu den nur wenigen Schulen im Rheingau-Taunus-Kreis, die daf\u00fcr ausgezeichnet wurden.<\/p>\n<p>Seit dem Jahr 2012 ist die Rabenschule keine Umweltschule mehr.<\/p>\n<p>Frau R\u00f6del wird im Mai 2015 in den Ruhestand verabschiedet. Frau Sch\u00e4fer \u00fcbernimmt kommissarisch die Leitung.<\/p>\n<p>Im November 2015 wird Frau Tanja Sch\u00e4fer neue Schulleiterin der Rabenschule.<\/p>\n<p>Die Rabenschule weitet das Nachmittagsangebot weiter aus, ab Sommer 2016 k\u00f6nnen die Sch\u00fclerinnen und Sch\u00fclern an drei Tagen kostenfrei in der Schule Hausaufgaben machen und werden betreut.<\/p>\n<p>Ebenfalls im Sommer tritt Frau Janine Losberg ihre Stelle als Konrektorin an. Nach zwei Jahren ist die Schulleitung endlich wieder als Team komplett. Zwei Jahre sp\u00e4ter tritt Frau Losberg eine Stelle in Breithardt an und verl\u00e4sst Wallrabenstein.<\/p>\n<p>Seit Fr\u00fchjahr 2019 ist nun Herr Sascha Schneider neuer Konrektor und unterst\u00fctzt Frau Sch\u00e4fer in der Schulleitung.<br \/>\n[\/et_pb_text][\/et_pb_column][et_pb_column type=&#8220;1_2&#8243; _builder_version=&#8220;3.25&#8243; custom_padding=&#8220;|||&#8220; global_colors_info=&#8220;{}&#8220; custom_padding__hover=&#8220;|||&#8220;][et_pb_image src=&#8220;https:\/\/www.rabenschule.de\/wp-content\/uploads\/2013\/07\/Rabenschule_hinten.jpg&#8220; align_tablet=&#8220;center&#8220; align_phone=&#8220;center&#8220; align_last_edited=&#8220;on|desktop&#8220; _builder_version=&#8220;3.23&#8243; animation_style=&#8220;slide&#8220; animation_direction=&#8220;left&#8220; animation_duration=&#8220;500ms&#8220; animation_intensity_slide=&#8220;10%&#8220; use_border_color=&#8220;off&#8220; border_color=&#8220;#ffffff&#8220; border_style=&#8220;solid&#8220; animation=&#8220;left&#8220; sticky=&#8220;off&#8220; always_center_on_mobile=&#8220;on&#8220; global_colors_info=&#8220;{}&#8220;]&nbsp;<br \/>\n[\/et_pb_image][et_pb_image src=&#8220;https:\/\/www.rabenschule.de\/wp-content\/uploads\/2010\/10\/DSC_0045_lzn.jpg&#8220; align_tablet=&#8220;center&#8220; align_phone=&#8220;center&#8220; align_last_edited=&#8220;on|desktop&#8220; _builder_version=&#8220;3.23&#8243; animation_style=&#8220;slide&#8220; animation_direction=&#8220;left&#8220; animation_duration=&#8220;500ms&#8220; animation_intensity_slide=&#8220;10%&#8220; use_border_color=&#8220;off&#8220; border_color=&#8220;#ffffff&#8220; border_style=&#8220;solid&#8220; animation=&#8220;left&#8220; sticky=&#8220;off&#8220; always_center_on_mobile=&#8220;on&#8220; global_colors_info=&#8220;{}&#8220;]&nbsp;<br \/>\n[\/et_pb_image][et_pb_image src=&#8220;https:\/\/www.rabenschule.de\/wp-content\/uploads\/2010\/10\/DSC_0021_lzn.jpg&#8220; align_tablet=&#8220;center&#8220; align_phone=&#8220;center&#8220; align_last_edited=&#8220;on|desktop&#8220; _builder_version=&#8220;3.23&#8243; animation_style=&#8220;slide&#8220; animation_direction=&#8220;left&#8220; animation_duration=&#8220;500ms&#8220; animation_intensity_slide=&#8220;10%&#8220; use_border_color=&#8220;off&#8220; border_color=&#8220;#ffffff&#8220; border_style=&#8220;solid&#8220; animation=&#8220;left&#8220; sticky=&#8220;off&#8220; always_center_on_mobile=&#8220;on&#8220; global_colors_info=&#8220;{}&#8220;]&nbsp;<br \/>\n[\/et_pb_image][et_pb_image src=&#8220;https:\/\/www.rabenschule.de\/wp-content\/uploads\/2013\/07\/Spielplatz_hinten.jpg&#8220; align_tablet=&#8220;center&#8220; align_phone=&#8220;center&#8220; align_last_edited=&#8220;on|desktop&#8220; _builder_version=&#8220;3.23&#8243; animation_style=&#8220;slide&#8220; animation_direction=&#8220;left&#8220; animation_duration=&#8220;500ms&#8220; animation_intensity_slide=&#8220;10%&#8220; use_border_color=&#8220;off&#8220; border_color=&#8220;#ffffff&#8220; border_style=&#8220;solid&#8220; animation=&#8220;left&#8220; sticky=&#8220;off&#8220; always_center_on_mobile=&#8220;on&#8220; global_colors_info=&#8220;{}&#8220;]&nbsp;<br \/>\n[\/et_pb_image][et_pb_image src=&#8220;https:\/\/www.rabenschule.de\/wp-content\/uploads\/2010\/10\/DSC_0030_lzn.jpg&#8220; align_tablet=&#8220;center&#8220; align_phone=&#8220;center&#8220; align_last_edited=&#8220;on|desktop&#8220; _builder_version=&#8220;3.23&#8243; animation_style=&#8220;slide&#8220; animation_direction=&#8220;left&#8220; animation_duration=&#8220;500ms&#8220; animation_intensity_slide=&#8220;10%&#8220; use_border_color=&#8220;off&#8220; border_color=&#8220;#ffffff&#8220; border_style=&#8220;solid&#8220; animation=&#8220;left&#8220; sticky=&#8220;off&#8220; always_center_on_mobile=&#8220;on&#8220; global_colors_info=&#8220;{}&#8220;]&nbsp;<br \/>\n[\/et_pb_image][et_pb_image src=&#8220;https:\/\/www.rabenschule.de\/wp-content\/uploads\/2010\/10\/DSC_0036_lzn.jpg&#8220; align_tablet=&#8220;center&#8220; align_phone=&#8220;center&#8220; align_last_edited=&#8220;on|desktop&#8220; _builder_version=&#8220;3.23&#8243; animation_style=&#8220;slide&#8220; animation_direction=&#8220;left&#8220; animation_duration=&#8220;500ms&#8220; animation_intensity_slide=&#8220;10%&#8220; use_border_color=&#8220;off&#8220; border_color=&#8220;#ffffff&#8220; border_style=&#8220;solid&#8220; animation=&#8220;left&#8220; sticky=&#8220;off&#8220; always_center_on_mobile=&#8220;on&#8220; global_colors_info=&#8220;{}&#8220;]&nbsp;<br \/>\n[\/et_pb_image][et_pb_image src=&#8220;https:\/\/www.rabenschule.de\/wp-content\/uploads\/2010\/10\/fenster11.jpg&#8220; align_tablet=&#8220;center&#8220; align_phone=&#8220;center&#8220; align_last_edited=&#8220;on|desktop&#8220; _builder_version=&#8220;3.23&#8243; animation_style=&#8220;slide&#8220; animation_direction=&#8220;left&#8220; animation_duration=&#8220;500ms&#8220; animation_intensity_slide=&#8220;10%&#8220; use_border_color=&#8220;off&#8220; border_color=&#8220;#ffffff&#8220; border_style=&#8220;solid&#8220; animation=&#8220;left&#8220; sticky=&#8220;off&#8220; always_center_on_mobile=&#8220;on&#8220; global_colors_info=&#8220;{}&#8220;]&nbsp;<br \/>\n[\/et_pb_image][et_pb_image src=&#8220;https:\/\/www.rabenschule.de\/wp-content\/uploads\/2013\/07\/Treppe.jpg&#8220; align_tablet=&#8220;center&#8220; align_phone=&#8220;center&#8220; align_last_edited=&#8220;on|desktop&#8220; _builder_version=&#8220;3.23&#8243; animation_style=&#8220;slide&#8220; animation_direction=&#8220;left&#8220; animation_duration=&#8220;500ms&#8220; animation_intensity_slide=&#8220;10%&#8220; use_border_color=&#8220;off&#8220; border_color=&#8220;#ffffff&#8220; border_style=&#8220;solid&#8220; animation=&#8220;left&#8220; sticky=&#8220;off&#8220; always_center_on_mobile=&#8220;on&#8220; global_colors_info=&#8220;{}&#8220;]&nbsp;<br \/>\n[\/et_pb_image][\/et_pb_column][\/et_pb_row][\/et_pb_section]<\/p>\n","protected":false},"excerpt":{"rendered":"<p>&nbsp; Gemeinsam mit der Integrierten Gesamtschule werden drei Hallenfl\u00e4chen der Sporthalle, die Aula und das Bussystem genutzt. Hausmeister und Reinigungspersonal betreuen ebenfalls gemeinsam beide Schulen. Die Grundschule ist in der Regel dreiz\u00fcgig ausgelegt, Klasse 1 ist derzeit vierz\u00fcgig. Zur Zeit besuchen ca. 270 Sch\u00fcler und Sch\u00fclerinnen in 13 Klassen die Rabenschule. Dem Kollegium geh\u00f6ren neben [&hellip;]<\/p>\n","protected":false},"author":1,"featured_media":0,"parent":0,"menu_order":0,"comment_status":"closed","ping_status":"closed","template":"","meta":{"_et_pb_use_builder":"on","_et_pb_old_content":"<p><a href=\"https:\/\/www.rabenschule.de\/wp-content\/uploads\/2010\/10\/DSC_0019_lzn.jpg\"><img class=\"alignleft size-medium wp-image-213\" title=\"DSC_0019_lzn\" src=\"https:\/\/www.rabenschule.de\/wp-content\/uploads\/2010\/10\/DSC_0019_lzn-300x177.jpg\" alt=\"\" width=\"300\" height=\"177\" \/><\/a><\/p><p>Gemeinsam mit der Integrierten Gesamtschule werden drei Hallenfl\u00e4chen der Sporthalle, die Aula und das Bussystem genutzt. Hausmeister und Reinigungspersonal betreuen ebenfalls gemeinsam beide Schulen.<\/p><p>Die Grundschule ist in der Regel dreiz\u00fcgig ausgelegt, Klasse 1 ist derzeit vierz\u00fcgig. Zur Zeit besuchen ca. 270 Sch\u00fcler und Sch\u00fclerinnen in 13 Klassen die Rabenschule. Dem Kollegium geh\u00f6ren neben Rektorin und Konrektorin 12 Lehrerinnen, sowie eine Pfarrerin und ein Pfarrer an.<\/p><h2><strong>Zur Chronik<a href=\"https:\/\/www.rabenschule.de\/wp-content\/uploads\/2010\/10\/DSC_0046_lzn.jpg\"><img class=\"alignright size-medium wp-image-229\" title=\"DSC_0046_lzn\" src=\"https:\/\/www.rabenschule.de\/wp-content\/uploads\/2010\/10\/DSC_0046_lzn-186x300.jpg\" alt=\"\" width=\"186\" height=\"300\" \/><\/a><\/strong><\/h2><p>Die jetzige Rabenschule ging aus der Grundstufe der IGS Wallrabenstein hervor. Am 29.08.79 wurden die bis dahin zusammengeh\u00f6renden Schulen getrennt und eine eigenst\u00e4ndige Grundschule entstand. Dies geschah, um eigene p\u00e4dagogische Grunds\u00e4tze umsetzen zu k\u00f6nnen.<\/p><p>Der bisherige Grundstufenleiter Werner Heinze wurde Rektor dieser Grundschule. Das Kollegium bestand aus 13 Kolleginnen und 4 Kollegen. Sie betreuten 16 Klassen mit insgesamt 416 Kindern.<\/p><p>Bereits ab dem 01.11.79 wurden Referendare kontinuierlich ausgebildet.<\/p><p>Ihren ersten Namen erhielt die Schule am 18.04.80: <em>Grundschule Wallrabenstein.<\/em><\/p><p>Volker Otto wurde am 20.02.81 zum Konrektor ernannt.<\/p><p>Eines der ersten wichtigen Themen war schon damals die Schulhofsanierung. Diese fand in Eigenhilfe durch die Eltern und das Kollegium im Juni 1983 statt.<\/p><p>In den folgenden Jahren wurden wichtige p\u00e4dagogische Entscheidungen getroffen:<\/p><ul><li>Koordination und Kooperation zwischen Grundschulen und Sonderschulen im Zusammenhang der F\u00f6rderung von Kindern mit Schulschwierigkeiten,<\/li><li>Schnupperunterricht f\u00fcr die k\u00fcnftigen Erstkl\u00e4ssler<\/li><li>Zusammenarbeit mit den Kinderg\u00e4rten, um den \u00dcbergang zu verbessern indem die Kindergartenarbeit mit dem Anfangsunterricht abgestimmt wird.<\/li><li>Im Schuljahr 84\/85 wurde die Vorklasse gemeinsam mit der Franz-Kade-Schule W\u00f6rsdorf eingerichtet. Vorklassenleiterin wurde Frau Bullmann.<\/li><li>Mit Beginn des Schuljahres 85\/86 wurde die Kleinklasse zun\u00e4chst von 2 sp\u00e4ter von 3 Kolleginnen der Erich-K\u00e4stner-Schule mit je 4 Stunden in Abordnung \u00fcbernommen. Ab dem Schuljahr 86\/87 \u00fcbernahm Frau Friesenhahn die Kleinklasse, im Jahr 88\/89 Frau Sieb.<\/li><li>Seit 1985 wird regelm\u00e4\u00dfig mit den Kollegen der F\u00f6rderstufe der IGS Wallrabenstein der \u00dcbergang besprochen und vorbereitet.<\/li><li>Seit 1987 finden regelm\u00e4\u00dfig Schulgottesdienste in der evangelischen Kirche in Wallrabenstein statt.<\/li><li>Ab dem Schuljahr 87\/88 wurde die, zuvor ambulant betreute, Sprachheilklasse fest eingerichtet und von Frau Kaiser, der Sprachheillehrerin \u00fcbernommen. Seit 93\/94 wird sie von Frau Morseck-Lepp geleitet.<\/li><\/ul><p>Im Jahr 1989 wurde wegen r\u00e4umlicher Engp\u00e4sse ein Pavillon aufgestellt, in dem noch immer Unterricht stattfindet.<\/p><p>Im gleichen Jahr fand die erste gro\u00dfe Projektwoche mit jahrgangs\u00fcbergreifenden Angeboten und anschlie\u00dfendem Dokumentationstag statt. Eine weitere Neuerung fand ebenfalls Einzug in das Schulleben: Seitdem wird in vielen Klassen mit Computern gearbeitet.<\/p><p>Am 3.10.90 wurde Frau Emrath als Konrektorin der Schule ernannt.<\/p><p>Seit dem Jahr 91\/92 wurde ein weiterer p\u00e4dagogischer Grundsatz verwirklicht: Es besuchte erstmals ein k\u00f6rperbehindertes Kind die Schule im Rahmen einer Integrationsma\u00dfnahme. Der gemeinsame Unterricht setzte sich in den folgenden Jahren fort.<a href=\"..\/wp-content\/uploads\/2010\/10\/DSC_0030_lzn.jpg\"><img class=\"alignright size-medium wp-image-237\" title=\"DSC_0030_lzn\" src=\"..\/wp-content\/uploads\/2010\/10\/DSC_0030_lzn-300x151.jpg\" alt=\"\" width=\"300\" height=\"151\" \/><\/a><\/p><p>Am 08.12.93 fand die konstituierende Sitzung der ersten Schulkonferenz statt.<\/p><p>Die Schule wurde ab dem Schuljahr 94\/95 teilweise 6-z\u00fcgig gef\u00fchrt. Ein zweiter Pavillon wurde aufgestellt. Erste Planungen f\u00fcr eine zweite Grundschule fanden statt. Am 25.09.95 wurde die Grundschule in G\u00f6rsroth eingeweiht und Herr Heinze mit der vor\u00fcbergehenden Leitung dieser Schule beauftragt.<\/p><p>Zum Schuljahr 1996\/1997 legte die Konrektorin Frau Emrath ihr Amt nieder. Frau Sedlik \u00fcbernahm zu Beginn des Schuljahres 97\/ 98 das Amt der Konrektorin.<\/p><p>Der langj\u00e4hrige Schulleiter Werner Heinze starb am 01.11.97.<\/p><p>Frau Sedlik wurde mit Beginn des Schuljahres 98\/99 zur Schulleiterin ernannt.<\/p><p>Im Schuljahr 1998\/99 erhielt die Schule den Namen Rabenschule.<\/p><p>Schon seit dem Jahr 1996 war die Problematik der Belastung des Schulgeb\u00e4udes durch PCB bekannt. Engagierte Eltern k\u00e4mpften mit demokratischen Mitteln f\u00fcr eine schnelle Sanierung, um die Gesundheit ihrer Kinder zu erhalten.<a href=\"..\/wp-content\/uploads\/2010\/10\/DSC_0045_lzn.jpg\"><img class=\"alignleft size-medium wp-image-227\" title=\"DSC_0045_lzn\" src=\"..\/wp-content\/uploads\/2010\/10\/DSC_0045_lzn-300x206.jpg\" alt=\"\" width=\"300\" height=\"206\" \/><\/a><\/p><p>Im Jahr 1999 wurden die Klassen und die Verwaltung komplett ausgelagert und das Schulgeb\u00e4ude umfassend saniert. Mit Beginn des Schuljahres 2000\/2001 konnten die Kinder, das Kollegium und die Verwaltung ihre \u201eneue\u201c Schule wieder mit Leben f\u00fcllen.<\/p><p>Im Februar 2000 kam Herr Kr\u00fcger als Konrektor an die Rabenschule. Dieser verlie\u00df die Rabenschule 2004.<\/p><p>Im September 2004 kam Fr. R\u00f6del als neue Schulleiterin an die Rabenschule.<\/p><p>Im September 2005 kam Fr. Sch\u00e4fer als neue Konrektorin an die Rabenschule.<a href=\"..\/wp-content\/uploads\/2010\/10\/DSC_0036_lzn.jpg\"><img class=\"alignright size-medium wp-image-228\" title=\"DSC_0036_lzn\" src=\"..\/wp-content\/uploads\/2010\/10\/DSC_0036_lzn-300x198.jpg\" alt=\"\" width=\"300\" height=\"198\" \/><\/a><\/p><p>Seit dem Schuljahr 2006\/07 kann ein betreutes Nachmittagsangebot gebucht werden. Mit dem Bau des Neuen Kindergartens wurde eine Mensa fertig gestellt und seit September 2006 in Betrieb genommen.<\/p><p>2009\/2010 wurde die Rabenschule kommplett saniert und mit neuster Sicherheitstechnik versehen. Die Betreuung, unspr\u00fcnglich in Containern untergebracht, wurde 2009\/2010 neu gebaut.<\/p><p>Nat\u00fcrlich gab es immer Feste, Flohm\u00e4rkte, Sportwettk\u00e4mpfe, Verkehrserziehung, Theater f\u00fcr Kinder und Eltern, eine Fahrradwerkstatt, Fortbildungen und Vortr\u00e4ge f\u00fcr Eltern und Lehrer, Zusammenarbeit mit au\u00dferschulischen Institutionen, Pflanzaktionen, Spielfeste, Bewegungsangebote...........<\/p><p>Seit dem Schuljahr 2009\/2010 darf die Rabenschule keine Vorklasse mehr f\u00fchren. Die Sch\u00fclerzahlen (10 Kinder), die einen Erhalt der Vorklasse sichern sollen, wurden nicht mehr erreicht.<\/p><p>Die Kleinklasse f\u00fcr Erziehungshilfe ist nicht mehr einzelnen Grundschulen angeschlossen wie bisher, sondern diese daf\u00fcr zur Verf\u00fcgung stehenden Stunden werden bei Bedarf \u00fcber das Beratungs- und F\u00f6rderzentrum in Idstein zugeteilt.<\/p><p>Ebenso die Sprachheilklasse existiert in der alten Form nicht mehr. Die daf\u00fcr ben\u00f6tigten Stunden werden uns durch die Helen-Keller Schule in Wiesbaden zugewiesen.<\/p><p>Das Betreuungsgeb\u00e4ude ist nun seit Mai 2011 fertiggestellt und geh\u00f6rt nicht nur \u00a0in baulicher\u00a0 Hinsicht sondern auch durch die fachkundige\u00a0 Betreuung durch p\u00e4dagogisches Personal zu den Highlights der hessischen Schullandschaft.<\/p><p>Der Schulhof ist mit seinen neuen, modernsten und au\u00dfergew\u00f6hnlichen Spielger\u00e4ten f\u00fcr die Kinder in jeder Pause und in der Betreuungszeit ein gro\u00dfer Anziehungspunkt.<\/p><p>Seit dem Jahr 2007\/2008 nennt sich die Rabenschule \u201eUmweltschule\u201c und ist nun im vierten Jahr in Folge mit dem Umweltpreis ausgezeichnet worden. Sie z\u00e4hlt in dieser Hinsicht\u00a0 zu den nur wenigen Schulen im Rheingau-Taunus-Kreis, die daf\u00fcr ausgezeichnet wurden.<\/p><p>Seit November 2015 ist Frau Tanja Sch\u00e4fer neue Schulleiterin der Rabenschule.<\/p>","_et_gb_content_width":"","footnotes":""},"class_list":["post-138","page","type-page","status-publish","hentry"],"_links":{"self":[{"href":"https:\/\/www.rabenschule.de\/index.php?rest_route=\/wp\/v2\/pages\/138","targetHints":{"allow":["GET"]}}],"collection":[{"href":"https:\/\/www.rabenschule.de\/index.php?rest_route=\/wp\/v2\/pages"}],"about":[{"href":"https:\/\/www.rabenschule.de\/index.php?rest_route=\/wp\/v2\/types\/page"}],"author":[{"embeddable":true,"href":"https:\/\/www.rabenschule.de\/index.php?rest_route=\/wp\/v2\/users\/1"}],"replies":[{"embeddable":true,"href":"https:\/\/www.rabenschule.de\/index.php?rest_route=%2Fwp%2Fv2%2Fcomments&post=138"}],"version-history":[{"count":23,"href":"https:\/\/www.rabenschule.de\/index.php?rest_route=\/wp\/v2\/pages\/138\/revisions"}],"predecessor-version":[{"id":3096,"href":"https:\/\/www.rabenschule.de\/index.php?rest_route=\/wp\/v2\/pages\/138\/revisions\/3096"}],"wp:attachment":[{"href":"https:\/\/www.rabenschule.de\/index.php?rest_route=%2Fwp%2Fv2%2Fmedia&parent=138"}],"curies":[{"name":"wp","href":"https:\/\/api.w.org\/{rel}","templated":true}]}}